{"id":156,"date":"2015-01-28T21:06:10","date_gmt":"2015-01-28T21:06:10","guid":{"rendered":"https:\/\/www.kulturforum-mwest.de\/K\/?page_id=156"},"modified":"2019-05-17T08:49:29","modified_gmt":"2019-05-17T08:49:29","slug":"links","status":"publish","type":"page","link":"https:\/\/kulturforum-mwest.de\/1.0\/K\/links\/","title":{"rendered":"Vernetzung"},"content":{"rendered":"<ul>\n<li>Unser Facebook-Auftritt:<br \/>\n<a href=\"https:\/\/www.facebook.com\/kulturforummwest\/\" target=\"_blank\" rel=\"noopener noreferrer\">https:\/\/www.facebook.com\/kulturforummwest\/<\/a><\/li>\n<li>Vereine und Organisationen\n<ul>\n<li><a href=\"http:\/\/www.kammermusik-pasing.de\" target=\"_blank\" rel=\"noopener noreferrer\">Kammermusik in Pasing<\/a><\/li>\n<li><a href=\"https:\/\/www.pasinger-mariensaeule.de\/\" target=\"_blank\" rel=\"noopener noreferrer\">Verein Mariens\u00e4ule<\/a><\/li>\n<li><a href=\"http:\/\/spuren-muenchen.de\/Revolution\/index.html\" target=\"_blank\" rel=\"noopener noreferrer\">Institut f\u00fcr zukunftsweisende Geschichte<\/a> (Geschichtswerkstatt)<\/li>\n<li><a href=\"https:\/\/www.mvhs.de\/west\" target=\"_blank\" rel=\"noopener noreferrer\">M\u00fcnchner Volkshochschule, Stadtbereich West<\/a><\/li>\n<li><a href=\"https:\/\/www.muenchner-stadtbibliothek.de\/bibliotheken\/stadtteilbibliotheken\/pasing\/\" target=\"_blank\" rel=\"noopener noreferrer\">Stadtbibliothek Pasing<\/a><\/li>\n<li><a href=\"https:\/\/www.jourfixe-muenchen-ev.com\" target=\"_blank\" rel=\"noopener noreferrer\">Kulturplattform jourfixe-muenchen von Gaby dos Santos<\/a><\/li>\n<\/ul>\n<\/li>\n<li>Gemeinde\n<ul>\n<li><a href=\"https:\/\/www.muenchen.de\/rathaus\/Stadtpolitik\/Bezirksausschuesse\/Stadtbezirk21.html\" target=\"_blank\" rel=\"noopener noreferrer\">BA 21 Pasing-Obermenzing<\/a><\/li>\n<\/ul>\n<\/li>\n<li>K\u00fcnstler_innen\n<ul>\n<li>Martina Frick <a href=\"https:\/\/www.martinafrick.de\" target=\"_blank\" rel=\"noopener noreferrer\">www.martinafrick.de<\/a><\/li>\n<li>Mio Kupka <a href=\"http:\/\/www.miokupka.blogspot.de\" target=\"_blank\" rel=\"noopener noreferrer\">www.miokupka.blogspot.de<\/a><\/li>\n<li>Ursula Steglich-Schaupp <a href=\"http:\/\/www.steglich-schaupp.de\" target=\"_blank\" rel=\"noopener noreferrer\">www.steglich-schaupp.de<\/a><\/li>\n<li>Fabian Vogl <a href=\"http:\/\/www.fabianvogl.de\/\" target=\"_blank\" rel=\"noopener noreferrer\">www.fabianvogl.de<\/a><\/li>\n<li>Severin Vogl <a href=\"http:\/\/www.filmatelier.info\" target=\"_blank\" rel=\"noopener noreferrer\">www.filmatelier.info<\/a><\/li>\n<\/ul>\n<\/li>\n<\/ul>\n<p>Die Seite ist wird von Fall zu Fall erg\u00e4nzt<\/p>\n<p>&nbsp;<\/p>\n<p>&nbsp;<\/p>\n<p>&nbsp;<\/p>\n","protected":false},"excerpt":{"rendered":"<p>Unser Facebook-Auftritt: https:\/\/www.facebook.com\/kulturforummwest\/ Vereine und Organisationen Kammermusik in Pasing Verein Mariens\u00e4ule Institut f\u00fcr zukunftsweisende Geschichte (Geschichtswerkstatt) M\u00fcnchner Volkshochschule, Stadtbereich West Stadtbibliothek Pasing Kulturplattform jourfixe-muenchen von Gaby dos Santos Gemeinde BA 21 Pasing-Obermenzing K\u00fcnstler_innen Martina Frick www.martinafrick.de Mio Kupka www.miokupka.blogspot.de Ursula Steglich-Schaupp www.steglich-schaupp.de Fabian Vogl www.fabianvogl.de Severin Vogl www.filmatelier.info Die Seite ist wird von Fall zu &hellip; <a href=\"https:\/\/kulturforum-mwest.de\/1.0\/K\/links\/\" class=\"more-link\"><span class=\"screen-reader-text\">Vernetzung<\/span> weiterlesen <span class=\"meta-nav\">&rarr;<\/span><\/a><\/p>\n","protected":false},"author":1,"featured_media":0,"parent":0,"menu_order":0,"comment_status":"closed","ping_status":"closed","template":"","meta":[],"_links":{"self":[{"href":"https:\/\/kulturforum-mwest.de\/1.0\/K\/wp-json\/wp\/v2\/pages\/156"}],"collection":[{"href":"https:\/\/kulturforum-mwest.de\/1.0\/K\/wp-json\/wp\/v2\/pages"}],"about":[{"href":"https:\/\/kulturforum-mwest.de\/1.0\/K\/wp-json\/wp\/v2\/types\/page"}],"author":[{"embeddable":true,"href":"https:\/\/kulturforum-mwest.de\/1.0\/K\/wp-json\/wp\/v2\/users\/1"}],"replies":[{"embeddable":true,"href":"https:\/\/kulturforum-mwest.de\/1.0\/K\/wp-json\/wp\/v2\/comments?post=156"}],"version-history":[{"count":7,"href":"https:\/\/kulturforum-mwest.de\/1.0\/K\/wp-json\/wp\/v2\/pages\/156\/revisions"}],"predecessor-version":[{"id":4635,"href":"https:\/\/kulturforum-mwest.de\/1.0\/K\/wp-json\/wp\/v2\/pages\/156\/revisions\/4635"}],"wp:attachment":[{"href":"https:\/\/kulturforum-mwest.de\/1.0\/K\/wp-json\/wp\/v2\/media?parent=156"}],"curies":[{"name":"wp","href":"https:\/\/api.w.org\/{rel}","templated":true}]}}