{"id":2679,"date":"2017-03-12T18:12:18","date_gmt":"2017-03-12T18:12:18","guid":{"rendered":"https:\/\/www.kulturforum-mwest.de\/K\/?page_id=2679"},"modified":"2017-03-12T18:33:34","modified_gmt":"2017-03-12T18:33:34","slug":"veranstaltungen-2016","status":"publish","type":"page","link":"https:\/\/kulturforum-mwest.de\/1.0\/K\/archiv-jahre\/veranstaltungen-2016\/","title":{"rendered":"Veranstaltungen 2016"},"content":{"rendered":"<p>nach Themen geordnet<\/p>\n<h3>Ausstellungen im B\u00fcrgerzentrum Rathaus Pasing<\/h3>\n<ul>\n<li>bis 14.01.2016\u00a0\u00a0\u00a0\u00a0\u00a0\u00a0\u00a0\u00a0\u00a0\u00a0\u00a0\u00a0\u00a0\u00a0\u00a0\u00a0\u00a0\u00a0\u00a0\u00a0\u00a0\u00a0\u00a0\u00a0\u00a0\u00a0\u00a0 Elisabeth R\u00f6\u00dfler \u201eKunst versus Design\u201c<\/li>\n<li>04.02.2016 \u2013 03.03.2016\u00a0\u00a0 Sch\u00fclerarbeiten des Elsa-Br\u00e4ndstr\u00f6m-Gymnasiums<\/li>\n<li>17.03.2016 \u2013 12.05.2016\u00a0\u00a0\u00a0 Elisabeth S\u00fc\u00df-Schwend<\/li>\n<li>02.06.2016 \u2013 28.07.2016\u00a0\u00a0\u00a0 Martha Fischer \u201eMensch und Maschine\u201c<\/li>\n<li>24.11.2016 \u2013 19.01.2017\u00a0\u00a0 Sabine Levinger \u201eB\u00f6hmen liegt am Meer\u201c<\/li>\n<li><strong>Ausstellung im Ebenb\u00f6ckhaus<br \/>\n<\/strong>03.03.2016 \u2013 29.05.2016\u00a0\u00a0 \u201eNymphenburg unterm Hakenkreuz\u201c<\/li>\n<li><strong>Ausstellung im Geranienhaus, Nymphenburger Park<\/strong><br \/>\n07.07.2016 \u2013 13.07.2016\u00a0\u00a0\u00a0 Tuschebilder von Liu Bin (Kooperation mit Fam. Sommer)<\/li>\n<\/ul>\n<h3>F\u00fchrungen<\/h3>\n<ul>\n<li>04.01.2016 F\u00fchrung im Lenbachhaus \u201eKlee &amp; Kandinsky\u201c mit Constanze Lindner Haigis<\/li>\n<li>30.07.2016 F\u00fchrung im Museum Peter Gehring mit Esther Emmerich und Birgit Gehring<\/li>\n<\/ul>\n<h3>Vortr\u00e4ge und Lesungen im Ebenb\u00f6ckhaus<\/h3>\n<ul>\n<li>03.03.2016 \u201eNymphenburg unterm Hakenkreuz\u201c, Doris Fuchsberger und Albrecht Vorherr<\/li>\n<li>28.04.2016 \u201eRobert Meilhaus \u2013 eine Pasinger Geschichte\u201c, Dr. Dieter P\u00fcschel<br \/>\n06.06.2016 \u201eDas gro\u00dfe Verschweigen\u201c, Sinda Dimroth<\/li>\n<li>20.10.2016 \u201eErh\u00f6rte W\u00fcnsche\u201c, Martin Umbach<\/li>\n<\/ul>\n<h3>Wissenschaftsreihe im Ebenb\u00f6ckhaus<\/h3>\n<ul>\n<li>04.04.2016 \u201eEin Blick in die Zukunft: Fraunhofer-Gesellschaft\u201c mit Stephanie Jung<\/li>\n<li>13.10.2016 \u201ePermafrost und Klimawandel in den Alpen\u201c mit Prof. Michael Krautblatter<\/li>\n<\/ul>\n<h3>Kulturfr\u00fchst\u00fcck<\/h3>\n<ul>\n<li>30.10.2016 in der Stadtbibliothek Pasing mit dem Thema T\u00fcrkei mit T.\u00d6nder und Dr.\u00d6.Savasci.<\/li>\n<\/ul>\n<h3>\u00a0Ausfl\u00fcge<\/h3>\n<ul>\n<li>19.06.2016 Ausflug zum Atelierhaus Germering<\/li>\n<li>06.08.2016 Ausflug nach Kaufbeuren und Kloster Irsee (Kunst-Sommernacht)<\/li>\n<li>18.11.2016 Ausflug zum Grabkreuzmuseum in Ebersberg<\/li>\n<\/ul>\n<h3>Kultur- und K\u00fcnstler-Stammtische<\/h3>\n<ul>\n<li>26.01.2016 im Jagdschloss, mit Herrn T\u00fcrl\u00fc von der Haci Bayram Moschee, Pasing<\/li>\n<li>01.03.2016 im Hofbr\u00e4u Obermenzing, 1. K\u00fcnstlerstammtisch<\/li>\n<li>10.05.2016 in der Pasinger Fabrik, mit Conny Beckstein von der Kinder- &amp; Jugend-Kultur\u00adwerkstatt<\/li>\n<li>06.07.2016 im Alten Wirt, Austausch \u00fcber das Kulturleben im M\u00fcnchner Westen<\/li>\n<li>14.09.2016 im Jagdschloss mit dem \u201eArbeitskreis Stadtgestaltung\u201c, Thema Gestaltungssatzung<\/li>\n<li>08.11.2016 im Hofbr\u00e4u Obermenzing: Unser Beitrag zu 1200 Jahre Menzing\/ Brosch\u00fcre \u201eDuo Menzing\u201c<\/li>\n<\/ul>\n<h3>\u00a0Sonstiges<\/h3>\n<ul>\n<li>16.01.2016 Versammlung zur Rettung des Kopfbaus an der Offenbachstra\u00dfe<\/li>\n<li>06.02.2016 Demonstration \u201eRettet den Kopfbau f\u00fcr Kultur\u201c<\/li>\n<li>21.02.2016 Theaterwerkstatt \u201eI Piccoli\u201c: \u201eDenn jeder Engel ist schrecklich\u201c<\/li>\n<li>23.04.2016 Fest zum Tag des Buches mit Einweihung des \u00f6ffentlichen B\u00fccherschranks Pasing<\/li>\n<li>16.09.2016 \u201cT\u00f6ne im Tunnel\u201d zur Nacht der Umwelt mit Christoph F. Benning (Percussion)<\/li>\n<li>09.11.2016 Einweihung des \u201eGebeugten leeren Stuhls\u201c an der Kirche Leiden Christi, Obermenzing, gespendet vom Verein der Freunde Schloss Blutenburg<\/li>\n<li>20.11.2016 Namenslesung vertriebener u. get\u00f6teter Pasinger Juden am \u201eLeerer Stuhl\u201c, Pasing<\/li>\n<\/ul>\n<h3>\u00a0Konzertreihe Kammermusik in Pasing im MVHS-Zentrum, B\u00e4ckerstra\u00dfe<\/h3>\n<ul>\n<li>09.01.2016\u00a0\u00a0\u00a0\u00a0\u00a0 Winterreise mit Okka von der Damerau (Mezzo-Sopran), Gerold Huber (Klavier) 10.01.2016\u00a0\u00a0\u00a0\u00a0\u00a0\u00a0\u00a0\u00a0\u00a0\u00a0\u00a0 Wiederholung: Winterreise mit Okka von der Damerau und Gerold Huber<\/li>\n<li>07.02.2016\u00a0\u00a0\u00a0\u00a0\u00a0 Ein heiterer Mozart mit Thomas Gropper (Bariton),\u00a0 Maharani Chakrabarti (Klavier)<\/li>\n<li>06.03.2016\u00a0\u00a0\u00a0\u00a0\u00a0 Amadeus Wiesensee (Klavier)<\/li>\n<li>10.04.2016\u00a0\u00a0\u00a0\u00a0\u00a0 Klavier-Duo Adrian Oetiker und Paola De Piante Vicin<\/li>\n<li>08.05.2016\u00a0\u00a0\u00a0\u00a0\u00a0 Violinsonaten mit Markus Wolf (Violine), Julian Riem (Klavier)<\/li>\n<li>12.06.2016\u00a0\u00a0\u00a0\u00a0\u00a0 Benefizkonzert mit Martin Rasch (Klavier)<br \/>\n07.10.2016\u00a0\u00a0\u00a0\u00a0\u00a0 Lieder von Robert Schumann: Andr\u00e9 Schuen (Bariton), Gerold Huber (Klavier)<\/li>\n<li>23.10.2016\u00a0\u00a0\u00a0\u00a0\u00a0 Sonderkonzert zum 80. Geburtstag von Anton Ruppert in Kooperation mit der M\u00fcnchner Gesellschaft f\u00fcr Neue Musik und dem Verband Tonk\u00fcnstler M\u00fcnchen<\/li>\n<li>06.11.2016\u00a0\u00a0\u00a0\u00a0\u00a0 Christoph Henschel (Violine), Amadeus Wiesensee (Klavier)<\/li>\n<li>11.12.2016\u00a0\u00a0\u00a0\u00a0\u00a0 Schumann Quartett<\/li>\n<li><strong>im Gynmasium Obermenzing, Freseniusstra\u00dfe 47<br \/>\n<\/strong>24.06.2016\u00a0\u00a0\u00a0\u00a0\u00a0 Konzert zum Reger-Jahr mit dem Diogenes-Quartett, Roland Glassl (Viola), Wen-Sinn Yang, (Cello) in Kooperation mit der M\u00fcnchner Schulstiftung Ernst v. Borries<\/li>\n<li><strong>in St. Leonhard<\/strong><br \/>\n24.07.2016\u00a0\u00a0\u00a0\u00a0\u00a0 Diogenes-Quartett<\/li>\n<li><strong>im Ebenb\u00f6ckhaus<\/strong><br \/>\n29.09.2016\u00a0\u00a0\u00a0\u00a0\u00a0 Gitarrenduo Gruber &amp; Maklar<\/li>\n<\/ul>\n<p>&nbsp;<\/p>\n<p>&nbsp;<\/p>\n","protected":false},"excerpt":{"rendered":"<p>nach Themen geordnet Ausstellungen im B\u00fcrgerzentrum Rathaus Pasing bis 14.01.2016\u00a0\u00a0\u00a0\u00a0\u00a0\u00a0\u00a0\u00a0\u00a0\u00a0\u00a0\u00a0\u00a0\u00a0\u00a0\u00a0\u00a0\u00a0\u00a0\u00a0\u00a0\u00a0\u00a0\u00a0\u00a0\u00a0\u00a0 Elisabeth R\u00f6\u00dfler \u201eKunst versus Design\u201c 04.02.2016 \u2013 03.03.2016\u00a0\u00a0 Sch\u00fclerarbeiten des Elsa-Br\u00e4ndstr\u00f6m-Gymnasiums 17.03.2016 \u2013 12.05.2016\u00a0\u00a0\u00a0 Elisabeth S\u00fc\u00df-Schwend 02.06.2016 \u2013 28.07.2016\u00a0\u00a0\u00a0 Martha Fischer \u201eMensch und Maschine\u201c 24.11.2016 \u2013 19.01.2017\u00a0\u00a0 Sabine Levinger \u201eB\u00f6hmen liegt am Meer\u201c Ausstellung im Ebenb\u00f6ckhaus 03.03.2016 \u2013 29.05.2016\u00a0\u00a0 \u201eNymphenburg unterm Hakenkreuz\u201c Ausstellung im Geranienhaus, &hellip; <a href=\"https:\/\/kulturforum-mwest.de\/1.0\/K\/archiv-jahre\/veranstaltungen-2016\/\" class=\"more-link\"><span class=\"screen-reader-text\">Veranstaltungen 2016<\/span> weiterlesen <span class=\"meta-nav\">&rarr;<\/span><\/a><\/p>\n","protected":false},"author":1,"featured_media":0,"parent":128,"menu_order":0,"comment_status":"closed","ping_status":"closed","template":"","meta":[],"_links":{"self":[{"href":"https:\/\/kulturforum-mwest.de\/1.0\/K\/wp-json\/wp\/v2\/pages\/2679"}],"collection":[{"href":"https:\/\/kulturforum-mwest.de\/1.0\/K\/wp-json\/wp\/v2\/pages"}],"about":[{"href":"https:\/\/kulturforum-mwest.de\/1.0\/K\/wp-json\/wp\/v2\/types\/page"}],"author":[{"embeddable":true,"href":"https:\/\/kulturforum-mwest.de\/1.0\/K\/wp-json\/wp\/v2\/users\/1"}],"replies":[{"embeddable":true,"href":"https:\/\/kulturforum-mwest.de\/1.0\/K\/wp-json\/wp\/v2\/comments?post=2679"}],"version-history":[{"count":6,"href":"https:\/\/kulturforum-mwest.de\/1.0\/K\/wp-json\/wp\/v2\/pages\/2679\/revisions"}],"predecessor-version":[{"id":2687,"href":"https:\/\/kulturforum-mwest.de\/1.0\/K\/wp-json\/wp\/v2\/pages\/2679\/revisions\/2687"}],"up":[{"embeddable":true,"href":"https:\/\/kulturforum-mwest.de\/1.0\/K\/wp-json\/wp\/v2\/pages\/128"}],"wp:attachment":[{"href":"https:\/\/kulturforum-mwest.de\/1.0\/K\/wp-json\/wp\/v2\/media?parent=2679"}],"curies":[{"name":"wp","href":"https:\/\/api.w.org\/{rel}","templated":true}]}}