{"id":3469,"date":"2018-03-13T14:56:02","date_gmt":"2018-03-13T14:56:02","guid":{"rendered":"https:\/\/www.kulturforum-mwest.de\/K\/?page_id=3469"},"modified":"2019-10-30T07:16:49","modified_gmt":"2019-10-30T07:16:49","slug":"veranstaltungen-2018","status":"publish","type":"page","link":"https:\/\/kulturforum-mwest.de\/1.0\/K\/veranstaltungen-2018\/","title":{"rendered":"Veranstaltungen 2018"},"content":{"rendered":"<p>angeordnet nach Themen<\/p>\n<h3>Ausstellungen im B\u00fcrgerzentrum Rathaus Pasing<\/h3>\n<ul>\n<li><a href=\"https:\/\/www.kulturforum-mwest.de\/K\/171123-rathausausstellung-ott\/\">Bis 19.01.2018<\/a> Max Ott (Fotografie)<\/li>\n<li><a href=\"https:\/\/www.kulturforum-mwest.de\/K\/180322-rathausausstellung-bolata-oexler\/\">22.03.2018<\/a>\u00a0 \u2013 17.05.2018 Anja Bolata \/ Patrick \u00d6xler (Gem\u00e4lde)<\/li>\n<li><a href=\"https:\/\/www.kulturforum-mwest.de\/K\/rathausausstellung-doris-autenrieth\/\">07.06.2018<\/a>\u00a0 \u2013 20.07.2018 Doris Autenrieth (Gem\u00e4lde)<\/li>\n<li><a href=\"https:\/\/www.kulturforum-mwest.de\/K\/180927-rathaus-fritz-hermann\/\">27.09.2018\u00a0 \u2013 15.11.2018<\/a> Margarethe Fritz-Hermann (Gem\u00e4lde)<\/li>\n<li><a href=\"https:\/\/www.kulturforum-mwest.de\/K\/181122-rathaus-gerum\/\">22.11.2018<\/a>\u00a0 \u2013 Jan. 2019 Reinhild Gerum (Gem\u00e4lde)<br \/>\nVernissagen immer am Donnerstag<\/li>\n<\/ul>\n<h3>Kooperations-Ausstellungen in der Unterkirche von St. Raphael<\/h3>\n<ul>\n<li><a href=\"https:\/\/www.kulturforum-mwest.de\/K\/180126-raphael-baumgaertner\/\">26.01.2018<\/a> \u2013 11.02.2018 Gerhard Baumg\u00e4rtner (Farbmalerei und\u00a0 Zeichnungen)<\/li>\n<li><a href=\"https:\/\/www.kulturforum-mwest.de\/K\/180316-raphael-momente\/\">16.03.2018<\/a> \u2013 02.04.2018 Johannes Hofbauer (Bildhauer) \/ Ulrike Gerd Hartmann (Gem\u00e4lde)<\/li>\n<li><a href=\"https:\/\/www.kulturforum-mwest.de\/K\/180921-raphael-kromer\/\">20. 09.-07.10.2018<\/a> Ausstellung\u00a0 <em>EinBlicke<\/em> von Gabi Kromer<\/li>\n<li><a href=\"https:\/\/www.kulturforum-mwest.de\/K\/181116-st-raphael-schicht\/\">16. 11. &#8211; 02.12.18<\/a>\u00a0 \u201e<strong>Schicht um Schicht\u201c<\/strong>\u00a0 Andrea Unterstra\u00dfer und Thalia Uehlein<\/li>\n<\/ul>\n<h3>Konzertreihe Kammermusik in Pasing<\/h3>\n<ul>\n<li><a href=\"https:\/\/www.kulturforum-mwest.de\/K\/180105-kammermusik-winterreise\/\">05.01.2018<\/a> Winterreise mit Tareq Nazmi (Bass), Gerold Huber (Klavier)<\/li>\n<li><a href=\"https:\/\/www.kulturforum-mwest.de\/K\/180105-kammermusik-winterreise\/\">07.01.2018<\/a> Winterreise mit Tareq Nazmi (Bass), Gerold Huber (Klavier)<\/li>\n<li><a href=\"https:\/\/www.kulturforum-mwest.de\/K\/180204-kammermusik-daubenhauer-kuen\/\">04.02.2018<\/a> Duo Dauenhauer: Anna Sophie Dauenhauer (Violine), Lukas Maria Kuen (Klavier)<\/li>\n<li><a href=\"https:\/\/www.kulturforum-mwest.de\/K\/180304-kammermusik\/\">04.03.2018<\/a> Wen-Xiao Zheng (Viola), Mikael Samsonov (Cello)<\/li>\n<li><a href=\"https:\/\/www.kulturforum-mwest.de\/K\/180414-kammermusik-cellosonaten\/\">14.04.2018 <\/a>Jakob Spahn (Cello) Nicholas Rimmer (Klavier)<\/li>\n<li><a href=\"https:\/\/www.kulturforum-mwest.de\/K\/180519-kammermusik-zalejski\/\">19.05.2018<\/a> Duo Viennese: Pawel Zalejski und Monika Hager-Zalejski (Violinen)<\/li>\n<li><a href=\"https:\/\/www.kulturforum-mwest.de\/K\/kammermusik-violinsonaten\/\">17.06.2018<\/a> Lorenz Chen (Violine), Mamikon Nakhapetov (Klavier) in St. Wolfgang, Pippinger Str. 47a<\/li>\n<li><a href=\"https:\/\/www.kulturforum-mwest.de\/K\/180707-kammermusik-schumann-4\/\">07.07.2018<\/a> Schumann Quartett: Burgdorf (Violine), Pauer-Frey (Violine), Finkentey (Viola), G\u00f6ske (Cello) in St. Georg, Obermenzing<\/li>\n<li><a href=\"https:\/\/www.kulturforum-mwest.de\/K\/181008-kammermusik-deutsches-streichtrio\/\">08.10.2018<\/a> Deutsches Streichtrio: Ingolf Turban (Violine), J\u00fcrgen Weber (Viola), Reiner Ginzel (Cello)<\/li>\n<li><a href=\"https:\/\/www.kulturforum-mwest.de\/K\/181104-kammermusik-mueller\/\">04.11.18<\/a> <strong>Fabian M\u00fcller, Piano, <\/strong> spielt in der <strong>Kontrapunkt Klavierwerkstatt in Obermenzing<\/strong><\/li>\n<li><a href=\"https:\/\/www.kulturforum-mwest.de\/K\/181209-kinderchor-2\/\">09.12.18<\/a> der Kinderchor der Bay. Staatsoper gibt ein Advents- und Weihnachtskonzert in der Himmelfahrtskirche Pasing<\/li>\n<\/ul>\n<h3>Lesungen, Vortr\u00e4ge<\/h3>\n<ul>\n<li><a href=\"https:\/\/www.kulturforum-mwest.de\/K\/180308-lesung-skasa\/\">08.03.2018<\/a> im Ebenb\u00f6ckhaus: Michael Skasa liest eigene und fremde Texte<\/li>\n<li><a href=\"https:\/\/www.kulturforum-mwest.de\/K\/180426-vortrag-marc\/\">26.04.2018<\/a> im Ebenb\u00f6ckhaus: Brigitte Rossbeck &#8222;Wege ins Leben, Wege zur Kunst&#8220; Franz Marc in Pasing<\/li>\n<li><a href=\"https:\/\/www.kulturforum-mwest.de\/K\/180503-heiliges-land\/\">03.05.2018<\/a> im Ebenb\u00f6ckhaus: Pfarrer Stahlschmidt u.a. \u201eBlickpunkt Heiliges Land\u201c, ein Reisebericht<\/li>\n<li><a href=\"https:\/\/www.kulturforum-mwest.de\/K\/180619-ziervasen-vortrag\/\">18.06.2018<\/a> im Ebenb\u00f6ckhaus: Dr. F. Scholz, G. Warbeck &#8222;Wer ist wer?&#8220; G\u00f6tterhimmel in Nymphenburg<\/li>\n<li><a href=\"https:\/\/www.kulturforum-mwest.de\/K\/180913-gut-freiham\/\">13.09.2018<\/a> im Ebenb\u00f6ckhaus: H. Liedl, A. Baumbach \u201eGut Freiham gestern, heute, morgen\u201c<\/li>\n<li><a href=\"https:\/\/www.kulturforum-mwest.de\/K\/181115-amazonen\/\">15.11.2018<\/a> im Ebenb\u00f6ckhaus: \u201eNacht der Amazonen\u201c Buchvorstellung mit Doris Fuchsberger<\/li>\n<\/ul>\n<h3>Wissenschaftsreihe<\/h3>\n<ul>\n<li><a href=\"https:\/\/www.kulturforum-mwest.de\/K\/180208-wissen-ursprung-des-lebens\/\">08.02.2018<\/a> im Ebenb\u00f6ckhaus: Prof. Petra Schwille \u201eEin Ausflug zum Ursprung des Lebens\u201c<\/li>\n<li><a href=\"https:\/\/www.kulturforum-mwest.de\/K\/180412-wissen-schlaf\/\">12.04.2018<\/a> im Ebenb\u00f6ckhaus: Prof. Michael Wiegand \u201eSchlaf und Traum\u201c<\/li>\n<li><a href=\"https:\/\/www.kulturforum-mwest.de\/K\/181011-bornkamm-1\/\">11.10.2018<\/a> im Ebenb\u00f6ckhaus: Prof. Georg Wilh. Bornkamm \u201eGeschichte der Krebsforschung Teil I<\/li>\n<li><a href=\"https:\/\/www.kulturforum-mwest.de\/K\/181011-bornkamm-2\/\">18.10.2018<\/a> im Ebenb\u00f6ckhaus: Prof. Georg Wilh. Bornkamm \u201eGeschichte der Krebsforschung Teil II<\/li>\n<\/ul>\n<h3>F\u00fchrungen und Ausfl\u00fcge<\/h3>\n<ul>\n<li><a href=\"https:\/\/www.kulturforum-mwest.de\/K\/180316-klees-geheimnis\/\">16.03.2018<\/a> F\u00fchrung in der Pinakothek der Moderne durch die Paul Klee Ausstellung<\/li>\n<li><a href=\"https:\/\/www.kulturforum-mwest.de\/K\/180420-ehrenbuerg\/\">20.04.2018<\/a> F\u00fchrung durch das ehemalige Zwangsarbeiterlager in der Ehrenb\u00fcrgstra\u00dfe<\/li>\n<li><a href=\"https:\/\/www.kulturforum-mwest.de\/K\/180516-fuehrung-blutenburg\/\">16.05.2018<\/a> F\u00fchrung in der Schlosskapelle Blutenburg mit Esther Emmerich<\/li>\n<li><a href=\"https:\/\/www.kulturforum-mwest.de\/K\/180622-ziervasen-fuehrung\/\">22.06.2018<\/a> F\u00fchrung im Nymphenburger Park durch Dr. F. Scholz (zum Vortrag am 14.06.)<\/li>\n<li><a href=\"https:\/\/www.kulturforum-mwest.de\/K\/180718-friedensengel\/\">18.07.2018<\/a> F\u00fchrung ab Friedensengel \u201eUrbane Kunst im Abstand von 150 Jahren\u201c mit Eva Lutz<\/li>\n<li><a href=\"https:\/\/www.kulturforum-mwest.de\/K\/180803-atelierbesuch-keilbach\/\">27.07.2018<\/a> Atelierf\u00fchrung bei Mike Keilbach<\/li>\n<li><a href=\"https:\/\/www.kulturforum-mwest.de\/K\/181004-bogenhausen\/\">04.10.2018<\/a> F\u00fchrung \u00fcber den Bogenhauser Friedhof und Besuch der Monacensia-Bibliothek (Eva Lutz)<\/li>\n<\/ul>\n<h3>Kultur-Soir\u00e9e<\/h3>\n<ul>\n<li>in Zusammenarbeit mit der Stadtbibliothek Pasing<br \/>\n<a href=\"https:\/\/www.kulturforum-mwest.de\/K\/180609-kultursoiree-gillig\/\">09.06.2018<\/a> Thema \u201eFrankreich\u201c. Gast: Etienne Gillig mit seinem Kabarett \u201eDeutschstunde\u201c (im Internet firmiert es unter Franz\u00f6sischstunde)<\/li>\n<\/ul>\n<h3>Kultur-Stammtische<\/h3>\n<ul>\n<li><a href=\"https:\/\/www.kulturforum-mwest.de\/K\/180123-stammtisch-marek\/\">23.01.2018<\/a> Jagdschloss, Gast: Christian Marek, engagierter P\u00e4dagoge und Bildungspolitiker<\/li>\n<li><a href=\"https:\/\/www.kulturforum-mwest.de\/K\/180227-stammtisch-kolibri\/\">27.02.2018<\/a> Hofbr\u00e4u Obermenzing, Gast: Interkulturelle Stiftung Kolibri<\/li>\n<li><a href=\"https:\/\/www.kulturforum-mwest.de\/K\/180705-stammtisch-juli\/\">04.07.2018<\/a> im Alten Wirt Obermenzing, Austausch von Vorstand und Mitgliedern \u00fcber Kultur im M\u00fcnchner Westen<\/li>\n<li><a href=\"https:\/\/www.kulturforum-mwest.de\/K\/180919-stammtisch-santos\/\">19.09.18<\/a> Hofbr\u00e4u Obermenzing mit Gaby dos Santos<\/li>\n<li><a href=\"https:\/\/www.kulturforum-mwest.de\/K\/181128-stammtisch-melle\/\">28.11.2018<\/a> Hofbr\u00e4u Obermenzing, Gast: Tobias Melle \u201eBild und Musik\u201c<\/li>\n<\/ul>\n<h3>Sonstiges<\/h3>\n<ul>\n<li><a href=\"https:\/\/www.kulturforum-mwest.de\/K\/180117-stadtgestaltung-wachstum\/\">17.01.2018<\/a> Diskussionsveranstaltung \u201eBewahren und Erhalten trotz Wachstum und Siedlungsdruck im M\u00fcnchner Westen\u201c in Kooperation mit der MVHS Pasing<\/li>\n<li><a href=\"https:\/\/www.kulturforum-mwest.de\/K\/180127-gedenkakt-obermenzing\/\">27.01.2018<\/a> Namenslesung am \u201eGebeugten Leeren Stuhl\u201c vor Leiden Christi, Obermenzing<\/li>\n<li><a href=\"https:\/\/www.kulturforum-mwest.de\/K\/180322-rathausausstellung-bolata-oexler\/\">18.03.2018<\/a> Mitgliederversammlung des Kulturforum M\u00fcnchen-West e. V.<\/li>\n<li><a href=\"https:\/\/www.kulturforum-mwest.de\/K\/buecherschrank-fruehjahrsputz\/\">April 2018<\/a> Gro\u00dfputz am \u00f6ffentlichen B\u00fccherschrank in Pasing<\/li>\n<li><a href=\"https:\/\/www.kulturforum-mwest.de\/K\/toene-im-tunnel-2018\/\">14.09.2018<\/a> \u201eT\u00f6ne im Tunnel\u201c im Rahmen der Nacht der Umwelt (im Hermann-Hesse-Tunnel)<\/li>\n<li><a href=\"https:\/\/www.kulturforum-mwest.de\/K\/181118-gedenken-pasing\/\">18.11.2018<\/a> Namenslesung am \u201eLeeren Stuhl\u201c vor dem Pasinger Rathaus<\/li>\n<\/ul>\n<h3>1918\/19: 100 Jahre Revolution in Pasing<\/h3>\n<p>Das Kulturforum M\u00fcnchen-West in Kooperation mit dem <a href=\"http:\/\/spuren-muenchen.de\/\" target=\"_blank\" rel=\"noopener noreferrer\">Verein f\u00fcr zukunftsweisende Geschichte<\/a><\/p>\n<ul>\n<li><a href=\"https:\/\/www.kulturforum-mwest.de\/K\/181108-revolution-auftakt\/\">08.11.2018<\/a> Auftaktveranstaltung zur Ausstellung &#8222;Revolution und R\u00e4terepubliken in Pasing&#8220; im Sitzungssaal des Pasinger Rathauses<\/li>\n<li><a href=\"https:\/\/www.kulturforum-mwest.de\/K\/181110-revolution-matinee\/\">10. 11.2018<\/a>: Matinee mit Lesung im Stadtteilladen<\/li>\n<li><a href=\"https:\/\/www.kulturforum-mwest.de\/K\/181126-revolution-krimi\/\">26.11.2018<\/a> Krimi-Lesung mit Robert H\u00fcltner \u201eKajetan und die Sache Koslowski\u201c in der Stadtbibliothek<\/li>\n<li><a href=\"https:\/\/www.kulturforum-mwest.de\/K\/181203-revolution-bachmair\/\">03.12.2018<\/a> im Ebenb\u00f6ckhaus \u201eRevolution &#8211; made in Pasing\u201c,<br \/>\nVorstellung des Revolution\u00e4rs H.F.S. Bachmair durch Franz Adam und Thomas Betz<\/li>\n<li><a href=\"https:\/\/www.kulturforum-mwest.de\/K\/190213-revolution-revolutionaerinnen-von-a-z\/\">13. 02.2019 <\/a><strong>Theater<\/strong> und Diskussion: \u201eRevolution\u00e4rinnen von A bis Z\u201c, ein fiktives Streitgespr\u00e4ch zwischen Anita Augspurg und Clara Zetkin im Ebenb\u00f6ckhaus. Die Darstellerinnen sind Heidi Meinzolt und Sabine Bollenbach.<\/li>\n<li><a href=\"https:\/\/www.kulturforum-mwest.de\/K\/190408-revolution-lerch\/\">08. 04.2019<\/a>: Cornelia Naumann liest aus ihrem neuen Buch \u00fcber die Revolution\u00e4rin Sarah Sonja Lerch, die vergessene Revolution\u00e4rin im Ebenb\u00f6ckhaus<\/li>\n<li><a href=\"https:\/\/www.kulturforum-mwest.de\/K\/revolution-und-raeteherrschaft\/\">27. M\u00e4rz 2019<\/a> <strong>Vortrag<\/strong><a href=\"https:\/\/www.kulturforum-mwest.de\/K\/revolution-und-raeteherrschaft\/\">: \u201eRevolution und R\u00e4teherrschaft in Pasing 1918\/19\u201c<\/a> von Dr. Bernhard Scho\u00dfig und Bernhard Koch in der M\u00fcnchener Volkshochschule, B\u00e4ckerstr. 14<\/li>\n<li><a href=\"https:\/\/www.kulturforum-mwest.de\/K\/190504-revolution-holzheimer\/\">4.05.19<\/a> Ende der Ausstellung mit Gerd Holzheimer und Musik<\/li>\n<li>Ferner werden F\u00fchrungen und eine Brosch\u00fcre angeboten<\/li>\n<\/ul>\n<h3><\/h3>\n<p>&nbsp;<\/p>\n<p>&nbsp;<\/p>\n","protected":false},"excerpt":{"rendered":"<p>angeordnet nach Themen Ausstellungen im B\u00fcrgerzentrum Rathaus Pasing Bis 19.01.2018 Max Ott (Fotografie) 22.03.2018\u00a0 \u2013 17.05.2018 Anja Bolata \/ Patrick \u00d6xler (Gem\u00e4lde) 07.06.2018\u00a0 \u2013 20.07.2018 Doris Autenrieth (Gem\u00e4lde) 27.09.2018\u00a0 \u2013 15.11.2018 Margarethe Fritz-Hermann (Gem\u00e4lde) 22.11.2018\u00a0 \u2013 Jan. 2019 Reinhild Gerum (Gem\u00e4lde) Vernissagen immer am Donnerstag Kooperations-Ausstellungen in der Unterkirche von St. Raphael 26.01.2018 \u2013 11.02.2018 &hellip; <a href=\"https:\/\/kulturforum-mwest.de\/1.0\/K\/veranstaltungen-2018\/\" class=\"more-link\"><span class=\"screen-reader-text\">Veranstaltungen 2018<\/span> weiterlesen <span class=\"meta-nav\">&rarr;<\/span><\/a><\/p>\n","protected":false},"author":1,"featured_media":0,"parent":0,"menu_order":0,"comment_status":"closed","ping_status":"closed","template":"","meta":[],"_links":{"self":[{"href":"https:\/\/kulturforum-mwest.de\/1.0\/K\/wp-json\/wp\/v2\/pages\/3469"}],"collection":[{"href":"https:\/\/kulturforum-mwest.de\/1.0\/K\/wp-json\/wp\/v2\/pages"}],"about":[{"href":"https:\/\/kulturforum-mwest.de\/1.0\/K\/wp-json\/wp\/v2\/types\/page"}],"author":[{"embeddable":true,"href":"https:\/\/kulturforum-mwest.de\/1.0\/K\/wp-json\/wp\/v2\/users\/1"}],"replies":[{"embeddable":true,"href":"https:\/\/kulturforum-mwest.de\/1.0\/K\/wp-json\/wp\/v2\/comments?post=3469"}],"version-history":[{"count":16,"href":"https:\/\/kulturforum-mwest.de\/1.0\/K\/wp-json\/wp\/v2\/pages\/3469\/revisions"}],"predecessor-version":[{"id":4940,"href":"https:\/\/kulturforum-mwest.de\/1.0\/K\/wp-json\/wp\/v2\/pages\/3469\/revisions\/4940"}],"wp:attachment":[{"href":"https:\/\/kulturforum-mwest.de\/1.0\/K\/wp-json\/wp\/v2\/media?parent=3469"}],"curies":[{"name":"wp","href":"https:\/\/api.w.org\/{rel}","templated":true}]}}